{"id":13423,"date":"2021-07-27T12:37:00","date_gmt":"2021-07-27T15:37:00","guid":{"rendered":"https:\/\/colegioinmaculada.com.ar\/portal\/?page_id=13423"},"modified":"2025-08-27T10:29:22","modified_gmt":"2025-08-27T13:29:22","slug":"contacto-nivel-primario","status":"publish","type":"page","link":"https:\/\/colegioinmaculada.com.ar\/portal\/contacto-nivel-primario\/","title":{"rendered":"Contacto Nivel Primario"},"content":{"rendered":"<h2 style=\"text-align: center;\"><span style=\"color: #000000;\"><strong>Tel\u00e9fonos del Colegio:<\/strong><\/span><\/h2>\n<p style=\"text-align: center;\"><img loading=\"lazy\" decoding=\"async\" class=\"wp-image-43653 alignnone\" src=\"https:\/\/colegioinmaculada.com.ar\/portal\/wp-content\/uploads\/2025\/08\/telefono.png\" alt=\"\" width=\"62\" height=\"63\" \/>\u00a0(0351) 422-8529\u00a0 \u00a0 \/\/\u00a0 \u00a0(0351) 421-7215\u00a0 \u00a0\/\/\u00a0 \u00a0(0351) 421-5128<\/p>\n<p>&nbsp;<\/p>\n<h3 style=\"text-align: center;\"><strong><span style=\"color: #000000;\">Para tr\u00e1mites que necesiten de Secretar\u00eda de Nivel Primario:<\/span><\/strong><\/h3>\n<p style=\"text-align: center;\"><img loading=\"lazy\" decoding=\"async\" class=\"wp-image-43652 alignnone\" src=\"https:\/\/colegioinmaculada.com.ar\/portal\/wp-content\/uploads\/2025\/08\/correo.png\" alt=\"\" width=\"56\" height=\"56\" \/>secretariainicialprimario@colegiodelainmaculada.edu.ar<\/p>\n<p>&nbsp;<\/p>\n<h3 style=\"text-align: center;\"><strong><span style=\"color: #000000;\">Para contactarse con la Direcci\u00f3n del Nivel <\/span><\/strong><strong><span style=\"color: #000000;\">Primario<\/span><\/strong><strong><span style=\"color: #000000;\">:<\/span><\/strong><\/h3>\n<p style=\"text-align: center;\"><img loading=\"lazy\" decoding=\"async\" class=\"wp-image-43652 alignnone\" src=\"https:\/\/colegioinmaculada.com.ar\/portal\/wp-content\/uploads\/2025\/08\/correo.png\" alt=\"\" width=\"52\" height=\"52\" \/> primario@colegioinmaculada.com.ar<\/p>\n<p>&nbsp;<\/p>\n<h3 style=\"text-align: center;\"><strong><span style=\"color: #000000;\">Para contactarse con Administraci\u00f3n del Colegio:<\/span><\/strong><\/h3>\n<p style=\"text-align: center;\"><img loading=\"lazy\" decoding=\"async\" class=\"wp-image-43652 alignnone\" src=\"https:\/\/colegioinmaculada.com.ar\/portal\/wp-content\/uploads\/2025\/08\/correo.png\" alt=\"\" width=\"52\" height=\"52\" \/> administracion@colegioinmaculada.com.ar<\/p>\n<p>&nbsp;<\/p>\n<h2 style=\"text-align: center;\"><span style=\"color: #0000ff;\"><em><strong>Los saludamos en Paz y Bien.<\/strong><\/em><\/span><\/h2>\n","protected":false},"excerpt":{"rendered":"<p>Tel\u00e9fonos del Colegio: \u00a0(0351) 422-8529\u00a0 \u00a0 \/\/\u00a0 \u00a0(0351) 421-7215\u00a0 \u00a0\/\/\u00a0 \u00a0(0351) 421-5128 &nbsp; Para tr\u00e1mites que necesiten de Secretar\u00eda de Nivel Primario: secretariainicialprimario@colegiodelainmaculada.edu.ar &nbsp; Para contactarse con la Direcci\u00f3n del Nivel Primario: primario@colegioinmaculada.com.ar &nbsp; Para contactarse con Administraci\u00f3n del Colegio: administracion@colegioinmaculada.com.ar &nbsp; Los saludamos en Paz y Bien.<\/p>\n","protected":false},"author":4,"featured_media":0,"parent":0,"menu_order":0,"comment_status":"closed","ping_status":"closed","template":"","meta":{"_acf_changed":false,"footnotes":""},"class_list":["post-13423","page","type-page","status-publish","hentry"],"acf":[],"_links":{"self":[{"href":"https:\/\/colegioinmaculada.com.ar\/portal\/wp-json\/wp\/v2\/pages\/13423","targetHints":{"allow":["GET"]}}],"collection":[{"href":"https:\/\/colegioinmaculada.com.ar\/portal\/wp-json\/wp\/v2\/pages"}],"about":[{"href":"https:\/\/colegioinmaculada.com.ar\/portal\/wp-json\/wp\/v2\/types\/page"}],"author":[{"embeddable":true,"href":"https:\/\/colegioinmaculada.com.ar\/portal\/wp-json\/wp\/v2\/users\/4"}],"replies":[{"embeddable":true,"href":"https:\/\/colegioinmaculada.com.ar\/portal\/wp-json\/wp\/v2\/comments?post=13423"}],"version-history":[{"count":5,"href":"https:\/\/colegioinmaculada.com.ar\/portal\/wp-json\/wp\/v2\/pages\/13423\/revisions"}],"predecessor-version":[{"id":43659,"href":"https:\/\/colegioinmaculada.com.ar\/portal\/wp-json\/wp\/v2\/pages\/13423\/revisions\/43659"}],"wp:attachment":[{"href":"https:\/\/colegioinmaculada.com.ar\/portal\/wp-json\/wp\/v2\/media?parent=13423"}],"curies":[{"name":"wp","href":"https:\/\/api.w.org\/{rel}","templated":true}]}}