{"id":13213,"date":"2021-07-01T15:53:26","date_gmt":"2021-07-01T18:53:26","guid":{"rendered":"https:\/\/colegioinmaculada.com.ar\/portal\/?page_id=13213"},"modified":"2023-11-01T09:08:41","modified_gmt":"2023-11-01T12:08:41","slug":"condiciones-de-matricula","status":"publish","type":"page","link":"https:\/\/colegioinmaculada.com.ar\/portal\/condiciones-de-matricula\/","title":{"rendered":"Condiciones de Matr\u00edcula"},"content":{"rendered":"<h1><span style=\"color: #000000;\"><strong>CONDICIONES PARA ACCEDER A LA MATR\u00cdCULA<\/strong><\/span><\/h1>\n<p>El Colegio e Instituto de la Inmaculada les informa que para hacer efectiva la Matr\u00edcula de estudiantes al ciclo lectivo 2024, la familia deber\u00e1 aceptar el cumplimento de las siguientes pautas institucionales.<\/p>\n<h2><strong>PAUTAS FORMATIVAS- PASTORALES<\/strong><\/h2>\n<h2><strong>Escuela Cristiana<\/strong><\/h2>\n<p>El ideal educativo por excelencia es comunicar respeto y amor hacia toda persona humana. Esta tendencia parte del car\u00e1cter sagrado de la persona criatura hecha a imagen y semejanza de Dios. Una educaci\u00f3n de inspiraci\u00f3n cristiana ha de velar por la dignidad y semejanza de la persona, pues desde aqu\u00ed derivan todos los dem\u00e1s principios.<\/p>\n<p>Las familias se comprometen a acompa\u00f1ar en la formaci\u00f3n en cuanto son part\u00edcipes directos de la educaci\u00f3n de sus hijos e hijas, asumiendo la responsabilidad de estar en permanente comunicaci\u00f3n con la escuela por todo lo que devenga de estos procesos.<\/p>\n<h2><strong>Desde nuestro Carisma y modelo de Pastoral Institucional<\/strong><\/h2>\n<p>Nuestra escuela promueve inculcar en sus estudiantes valores como libertad y responsabilidad, respeto y amor al pr\u00f3jimo, justicia y verdad, sinceridad, Paz y Bien, como s\u00edntesis del carisma franciscano. Esos valores son el fundamento de los acuerdos escolares de convivencia, con los cuales se comprometen las familias que acuerdan con la matr\u00edcula de sus hijos e hijas.<\/p>\n<h2><strong>Identidad de las escuelas franciscanas\u00a0\u00a0\u00a0\u00a0\u00a0\u00a0\u00a0\u00a0\u00a0\u00a0\u00a0\u00a0\u00a0\u00a0\u00a0\u00a0\u00a0\u00a0\u00a0\u00a0\u00a0\u00a0\u00a0\u00a0\u00a0\u00a0\u00a0\u00a0\u00a0\u00a0\u00a0\u00a0\u00a0 <\/strong><\/h2>\n<ol>\n<li>Las escuelas franciscanas ofrecen una educaci\u00f3n inspirada en el Evangelio y en las orientaciones de la Iglesia.<\/li>\n<li>Promueven la formaci\u00f3n integral de los estudiantes de acuerdo con la concepci\u00f3n cristiana del hombre, de la vida y del mundo, y les prepara para participar activamente en la transformaci\u00f3n y mejora de la sociedad.<\/li>\n<li>Realizan una funci\u00f3n social, y est\u00e1n abiertas a todos los que desean la educaci\u00f3n que imparte.<\/li>\n<\/ol>\n<h2><strong>Nuestro estilo de educar<\/strong><\/h2>\n<p>Concebimos la escuela como una comunidad animada por los educadores, con la participaci\u00f3n de los padres, y cuyo n\u00facleo principal son los estudiantes.<\/p>\n<p>La escuela franciscana favorece la vivencia cristiana de la fe y su celebraci\u00f3n gozosa. Fomenta la espiritualidad mariana de sencillez, discreci\u00f3n y amor confiado en Dios.<\/p>\n<p>El estudiante es el centro de la Comunidad Educativa. Necesita ayuda y apoyo en su proceso formativo, pero \u00e9l es el principal agente de este proceso, el principal protagonista del propio crecimiento.<\/p>\n<p>Los padres, como principales responsables de la educaci\u00f3n de sus hijos, participan en la vida de la escuela y dan su apoyo, adhiriendo al ideario Franciscano.<\/p>\n<p>Nuestra concepci\u00f3n de escuela, como complemento de la familia, hace que busquemos una relaci\u00f3n fluida entre la familia y la escuela.<\/p>\n<p>&nbsp;<\/p>\n<h2><strong>PAUTAS PEDAG\u00d3GICAS<\/strong><\/h2>\n<p>&nbsp;<\/p>\n<p>El Colegio e Instituto \u201cDe La Inmaculada\u201d, en todos sus niveles de educaci\u00f3n,\u00a0 contrae el compromiso de asumir la educaci\u00f3n de ni\u00f1as, ni\u00f1os y adolescentes como una tarea comunitaria, procurando desarrollar, desde lo personal de cada uno de ellos, la construcci\u00f3n de su propio proyecto de vida en armon\u00eda con las caracter\u00edsticas de cada persona, en la \u00e9poca que nos toca vivir, con la dignidad de ser Hijos de Dios.<\/p>\n<p>La Instituci\u00f3n conserva el Derecho de Admisi\u00f3n, el que podr\u00e1 ejercer fundadamente cada a\u00f1o lectivo, as\u00ed mismo se obliga \u00fanicamente a otorgar el espacio en su cupo de estudiantes y a otorgar las condiciones necesarias para el dictado del curso en que se inscriba el estudiante, en el per\u00edodo lectivo al que corresponda de acuerdo a su edad cronol\u00f3gica y, en su caso, a sus antecedentes acad\u00e9micos.<\/p>\n<p><strong>La familia se compromete a participar y acompa\u00f1ar, como comunidad educativa, en el marco de\u00a0 valores tales como Respeto, Amor al pr\u00f3jimo, Responsabilidad y Justicia, pilares que sustentan nuestros acuerdos escolares de convivencia, adhiriendo a nuestros proyectos institucionales<\/strong>.<\/p>\n<p>Ante la sospecha de situaciones de vulneraci\u00f3n de derechos del menor, se proceder\u00e1 a hacer efectivo el protocolo previsto en \u201cPautas para la articulaci\u00f3n y coordinaci\u00f3n de acciones en el marco de la protecci\u00f3n de derechos\u201d, seg\u00fan reglamentaci\u00f3n vigente. Disponible en: <a href=\"http:\/\/www.igualdadycalidadcba.gov.ar\/SIPEC-CBA\/publicaciones\/2017\/Educacion_SENAF.pdf\">http:\/\/www.igualdadycalidadcba.gov.ar\/SIPEC-CBA\/publicaciones\/2017\/Educacion_SENAF.pdf<\/a><\/p>\n<p>Es importante que sean tenidas en cuenta los siguientes lineamientos para organizar el desarrollo de las actividades que a diario se realizan:<\/p>\n<ul>\n<li>Respetar los d\u00edas y horarios de atenci\u00f3n a padres, tanto de los docentes como de la Direcci\u00f3n.<\/li>\n<li>Los estudiantes se presentan con anticipaci\u00f3n de diez minutos antes del horario de inicio de la jornada escolar y el margen de tolerancia para retirarlos es de diez minutos SIN EXCEPCI\u00d3N.<\/li>\n<li>Bajo ning\u00fan aspecto, los estudiantes podr\u00e1n ser retirados por menores de edad.<\/li>\n<li>En caso que el estudiante deba retirarse del colegio durante las horas de clase, es NECESARIA la presencia del padre, madre o tutor. No se aceptan llamadas telef\u00f3nicas para tal fin.<\/li>\n<li>Justificar las inasistencias en el cuaderno de comunicados, ya sea a trav\u00e9s de certificado m\u00e9dico o por una nota el d\u00eda que el estudiante se reintegre a clase. En caso de enfermedad prolongada comunicarlo inmediatamente a la Direcci\u00f3n del nivel correspondiente.<\/li>\n<li>El uso de telefon\u00eda celular est\u00e1 permitido s\u00f3lo en las clases que los docentes autoricen o en los recreos, el resto del tiempo deber\u00e1 estar guardado en la mochila. No debe ser usado ni expuesto en horas de clases, salvo por autorizaci\u00f3n del docente.<\/li>\n<li>Las reuniones y entrevistas solicitadas por docentes o directivos son de car\u00e1cter obligatorio para los padres.<\/li>\n<li>Devolver firmada, circulares, Informes de Progreso Escolar y Libreta Mensual dentro de las 24 hs.<\/li>\n<\/ul>\n<p>&nbsp;<\/p>\n<h2><strong>PAUTAS ADMINISTRATIVAS<\/strong><\/h2>\n<p>&nbsp;<\/p>\n<p>El proceso de matriculaci\u00f3n definitivo concluye con el pago final de la \u00faltima cuota de Matr\u00edcula. A\u00fan cuando se hubiera entregado la documentaci\u00f3n, el incumplimiento en una o m\u00e1s cuotas de la matr\u00edcula hace caer autom\u00e1ticamente todo el proceso, quedando la vacante disponible para otras familias en lista de espera.<\/p>\n<p>En caso de no hacer opci\u00f3n de Matr\u00edcula los montos entregados en ese concepto no ser\u00e1n reintegrados o devueltos a la familia.<\/p>\n<p><strong><u>Aranceles de ense\u00f1anza:<\/u><\/strong> En cuanto la contraprestaci\u00f3n educativa es indivisible, y de pago anticipado, los aranceles se establecen considerando toda la ense\u00f1anza a impartir en el a\u00f1o lectivo en curso. Por lo tanto, se debe reconocer que la obligaci\u00f3n de pago es \u00fanica, aun cuando pueda cancelarse en cuotas. El arancel del ciclo lectivo se abona en 9 (nueve) cuotas mensuales, desde marzo a noviembre inclusive.<\/p>\n<p>Dicho arancelamiento podr\u00e1 variar cuando se dispongan aumentos salariales al personal docente en las condiciones fijadas por la legislaci\u00f3n vigente y\/o la DGIPE. La modalidad y lugar de pago se realizar\u00e1 c\u00f3mo y en donde la instituci\u00f3n lo determine.<\/p>\n<p>El pago de la matr\u00edcula y de las cuotas fijadas en base a la autorizaci\u00f3n que otorga la Direcci\u00f3n General de Institutos Privados de Ense\u00f1anza es obligatorio a\u00fan cuando razones de fuerza mayor obliguen a desarrollar el proceso de ense\u00f1anza-aprendizaje de manera no presencial durante todo o parte del ciclo lectivo y en la medida que as\u00ed lo disponga la autoridad de aplicaci\u00f3n.<\/p>\n<p>El vencimiento del plazo para el pago de las cuotas ser\u00e1 fijado mensualmente el d\u00eda 10 de cada mes, su incumplimiento har\u00e1 incurrir en mora directa sin necesidad de notificaci\u00f3n y\/o interpelaci\u00f3n previa. La instituci\u00f3n podr\u00e1 aplicar al capital adeudado, luego de esos vencimientos, un inter\u00e9s mensual sugerido por DGIPE en la regulaci\u00f3n de aranceles anuales<\/p>\n<p>En caso de registrarse dos o m\u00e1s meses de mora, el cobro ser\u00e1 tramitado a trav\u00e9s de un Estudio Jur\u00eddico designado por la Instituci\u00f3n. El responsable del pago debe asumir los honorarios profesionales generados, m\u00e1s los gastos administrativos relacionados.<\/p>\n<p>&nbsp;<\/p>\n<p><strong><u>Material did\u00e1ctico Jardines de Infantes:<\/u><\/strong> (s\u00f3lo para nivel inicial) Las familias acuerdan y se comprometen a abonar un arancel extra, adicional a las cuotas mensuales, destinado a inversi\u00f3n en MATERIAL DID\u00c1CTICO cotidiano, m\u00e1s actividades extras, con el prop\u00f3sito de organizar, simplificar y proveer de los materiales y medios necesarios para los diferentes proyectos \u00e1ulicos que desarrollan los estudiantes, en pos de garantizar igualdad de condiciones para todos ellos.<\/p>\n<p>&nbsp;<\/p>\n<p><strong><u>Transporte a Campo deportes \u201cEl Carmelo\u201d:<\/u> <\/strong>(solo nivel secundario): Para el dictado de las clases de Educaci\u00f3n F\u00edsica en el campo de deportes de la instituci\u00f3n, se abonar\u00e1, adicionalmente al arancel de ense\u00f1anza mensual, un importe destinado al transporte de los estudiantes en colectivos autorizados que parten desde la puerta del colegio y retornan al mismo lugar. Este servicio, para ser viable, requiere de la participaci\u00f3n de TODOS los estudiantes del nivel, por lo que no es opcional. Si alguna familia desea optar por otros medios de transporte, solidariamente deber\u00e1 abonar el importe mensual.<\/p>\n<p>&nbsp;<\/p>\n<p><strong><u>Cambios de turno:<\/u><\/strong> No est\u00e1n previstos en el reglamento escolar los cambios de turnos. De producirse la eventualidad de una vacante disponible en otro turno al originalmente asignado en la matr\u00edcula, los mismos deber\u00e1n ser solicitados de manera escrita y con justificaci\u00f3n documentada de las razones invocadas, dichos cambios se realizar\u00e1n por medio de sorteo, del que participar\u00e1n los estudiantes que re\u00fanan los siguientes requisitos: 1- Tengan hermanos en la Instituci\u00f3n en el turno solicitado; 2- Acrediten buena conducta; 3- Buen rendimiento acad\u00e9mico y 4- Acompa\u00f1amiento de la familia al proyecto institucional.<\/p>\n<p>&nbsp;<\/p>\n<p><strong><u>Publicaci\u00f3n de im\u00e1genes:<\/u><\/strong> Los padres de los estudiantes, como tutores responsables y en el marco del art\u00edculo 53 del C\u00f3digo Civil y Comercial de la Naci\u00f3n prestan su consentimiento a los fines de la publicaci\u00f3n de fotos de su hijo\/a en revistas y\/o p\u00e1ginas web pertenecientes a la Instituci\u00f3n Educativa. Asimismo, aprueban que las publicaciones que se realicen no violen el derecho a la dignidad previsto en el art\u00edculo 22 de la Ley de Protecci\u00f3n Integral de Ni\u00f1os Ni\u00f1as y Adolescentes N\u00b0 26061.<\/p>\n<p>&nbsp;<\/p>\n<p><strong><u>Registro de Datos:<\/u><\/strong> Los padres autorizan el registro de datos solicitados por el Ministerio de Educaci\u00f3n, a trav\u00e9s del Sistema de Gesti\u00f3n de Estudiantes (Ci.Di.), seg\u00fan la Resoluci\u00f3n Ministerial 275\/17. De acuerdo a los requerimientos de la Ley N\u00b0 25326, dichos datos son Nombre y Apellido, Documento, CUIL, Datos de Nacimiento, Nombre de los padres, Domicilio, Datos de desempe\u00f1o escolar (evaluaciones, asistencias, sanciones).<\/p>\n<p>Toda modificaci\u00f3n parental, domiciliaria o que afecte a la comunicaci\u00f3n y la situaci\u00f3n legal del menor debe ser informada con un plazo m\u00e1ximo de 72 horas y acompa\u00f1ada por la documentaci\u00f3n respaldatoria respectiva.<\/p>\n<p>&nbsp;<\/p>\n<p><strong><u>Acuerdos Escolares de Convivencia:<\/u><\/strong> Manifiesto conocer y adherir a los Acuerdos Escolares de Convivencia (AEC) aprobados por la Direcci\u00f3n General de Institutos Privados de Ense\u00f1anza \u2013 Ministerio de Educaci\u00f3n- que figuran en la p\u00e1gina web del Colegio.<\/p>\n","protected":false},"excerpt":{"rendered":"<p>CONDICIONES PARA ACCEDER A LA MATR\u00cdCULA El Colegio e Instituto de la Inmaculada les informa que para hacer efectiva la Matr\u00edcula de estudiantes al ciclo lectivo 2024, la familia deber\u00e1 aceptar el cumplimento de las siguientes pautas institucionales. PAUTAS FORMATIVAS- PASTORALES Escuela Cristiana El ideal educativo por excelencia es comunicar respeto y amor hacia toda [&hellip;]<\/p>\n","protected":false},"author":4,"featured_media":0,"parent":0,"menu_order":0,"comment_status":"closed","ping_status":"closed","template":"","meta":{"_acf_changed":false,"footnotes":""},"class_list":["post-13213","page","type-page","status-publish","hentry"],"acf":[],"_links":{"self":[{"href":"https:\/\/colegioinmaculada.com.ar\/portal\/wp-json\/wp\/v2\/pages\/13213","targetHints":{"allow":["GET"]}}],"collection":[{"href":"https:\/\/colegioinmaculada.com.ar\/portal\/wp-json\/wp\/v2\/pages"}],"about":[{"href":"https:\/\/colegioinmaculada.com.ar\/portal\/wp-json\/wp\/v2\/types\/page"}],"author":[{"embeddable":true,"href":"https:\/\/colegioinmaculada.com.ar\/portal\/wp-json\/wp\/v2\/users\/4"}],"replies":[{"embeddable":true,"href":"https:\/\/colegioinmaculada.com.ar\/portal\/wp-json\/wp\/v2\/comments?post=13213"}],"version-history":[{"count":5,"href":"https:\/\/colegioinmaculada.com.ar\/portal\/wp-json\/wp\/v2\/pages\/13213\/revisions"}],"predecessor-version":[{"id":32519,"href":"https:\/\/colegioinmaculada.com.ar\/portal\/wp-json\/wp\/v2\/pages\/13213\/revisions\/32519"}],"wp:attachment":[{"href":"https:\/\/colegioinmaculada.com.ar\/portal\/wp-json\/wp\/v2\/media?parent=13213"}],"curies":[{"name":"wp","href":"https:\/\/api.w.org\/{rel}","templated":true}]}}