{"id":13201,"date":"2021-07-01T15:37:44","date_gmt":"2021-07-01T18:37:44","guid":{"rendered":"https:\/\/colegioinmaculada.com.ar\/portal\/?page_id=13201"},"modified":"2025-09-01T11:41:38","modified_gmt":"2025-09-01T14:41:38","slug":"personal-nivel-secundario","status":"publish","type":"page","link":"https:\/\/colegioinmaculada.com.ar\/portal\/personal-nivel-secundario\/","title":{"rendered":"Personal Nivel Secundario"},"content":{"rendered":"<p>Entendemos el aula como:<\/p>\n<ul>\n<li>Una comunidad de aprendizaje donde se construyen conocimientos significativos en un entorno de\u00a0<a href=\"https:\/\/lasalleba.edu.ar\/aprendizaje-cooperativo-2\"><em>aprendizaje cooperativo<\/em><\/a>.<\/li>\n<li>Un espacio pensado para el<strong>\u00a0<\/strong>desarrollo de habilidades\u00a0comunicativas, tecnol\u00f3gicas, emocionales, \u00e9ticas y religiosas, en di\u00e1logo constante con los desaf\u00edos del mundo actual.<\/li>\n<li>Una clase que se ampl\u00eda gracias al uso de\u00a0nuevas tecnolog\u00edas, que enriquecen los aprendizajes y conectan a los estudiantes con otros saberes y realidades.<\/li>\n<li>Un lugar donde se promueven\u00a0valores<strong>\u00a0<\/strong>como la responsabilidad, la creatividad, la justicia, la convivencia, a trav\u00e9s de experiencias concretas dentro y fuera del aula.<\/li>\n<li>Un \u00e1mbito de\u00a0escucha y di\u00e1logo, en el que se validan las emociones y se brindan herramientas que promueven una sana convivencia.<\/li>\n<\/ul>\n<p>Nuestros docentes trabajan diariamente por transformar el aula en un aut\u00e9ntico espacio de aprendizaje acad\u00e9mico y emocional. Juntos, colaboramos para construir una instituci\u00f3n educativa diferente. Docentes de nuestra instituci\u00f3n:<\/p>\n<h1 style=\"text-align: center;\"><strong>DIRECTIVOS<\/strong><\/h1>\n<ul>\n<li>Marcelo C\u00e9sar Cravero<\/li>\n<li>FERNANDEZ, Maria Lourdes Ferndez<\/li>\n<li>Silvina Morales<\/li>\n<\/ul>\n<hr \/>\n<h2><strong>SECRETAR\u00cdA<\/strong><\/h2>\n<ul>\n<li>Florencia Rupil<\/li>\n<\/ul>\n<hr \/>\n<h2><strong>PRECEPTORES <\/strong><\/h2>\n<ul>\n<li>Karina \u00c1vila<\/li>\n<li>Lucas Aliaga<\/li>\n<li>Horacio Allocco<\/li>\n<li>Patricia Salusso<\/li>\n<li>Marcos Catallo<\/li>\n<li>Ricardo Romero<\/li>\n<\/ul>\n<hr \/>\n<h1 style=\"text-align: center;\"><strong>PROFESORES<\/strong><\/h1>\n<p><strong>\u00a0LENGUA Y LITERATURA<\/strong><\/p>\n<ul>\n<li>Paola Pereyra<\/li>\n<li>Guadalupe \u00c1lvarez<\/li>\n<li>Leila Tarcetti<\/li>\n<li>Silvana Carini<\/li>\n<\/ul>\n<p><strong>\u00a0MATEM\u00c1TICA <\/strong><\/p>\n<ul>\n<li>Celeste Castellani<\/li>\n<li>Daniel Cavalletto<\/li>\n<li>Lourdes Fern\u00e1ndez<\/li>\n<li>Florencia Peralta<\/li>\n<li>Victoria Corte<\/li>\n<\/ul>\n<p><strong>\u00a0<\/strong><strong>HUMANIDADES <\/strong><\/p>\n<ul>\n<li>Pablo Ardiles<\/li>\n<li>Brenda Gomez<\/li>\n<li>Constanza Cabal\u00e9n<\/li>\n<li>Mat\u00edas Leiva<\/li>\n<li>Natalia Turanza<\/li>\n<\/ul>\n<p><strong>CIENCIAS SOCIALES <\/strong><\/p>\n<ul>\n<li>Cecilia Bustos<\/li>\n<li>Alan Sosa<\/li>\n<li>Natalia Turanza<\/li>\n<li>Clara Borchet<\/li>\n<li>Pedro Sanchez<\/li>\n<li>Anal\u00eda Garay<\/li>\n<li>David Sahya<\/li>\n<\/ul>\n<p><strong>\u00a0CIENCIAS NATURALES <\/strong><\/p>\n<ul>\n<li>Karen Bertagna<\/li>\n<li>Andrea Cabral<\/li>\n<li>Lourdes Fernandez<\/li>\n<li>Celeste Castellani<\/li>\n<li>Flavia Carini<\/li>\n<li>Grecia Tkaczuk<\/li>\n<\/ul>\n<p><strong>EDUCACI\u00d3N ART\u00cdSTICA<\/strong><\/p>\n<ul>\n<li>Roberto Breppe<\/li>\n<li>Paola Trey<\/li>\n<li>Javier Aramayo<\/li>\n<li>Jimena Gonzalez<\/li>\n<\/ul>\n<p><strong>\u00a0<\/strong><strong>\u00a0INGL\u00c9S <\/strong><\/p>\n<ul>\n<li>Anal\u00eda Martinez<\/li>\n<li>Yanina Velazquez<\/li>\n<\/ul>\n<p><strong>CIENCIAS \u00a0ECON\u00d3MICAS Y ADMINISTRATIVAS <\/strong><\/p>\n<ul>\n<li>Andrea Benvegn\u00fa<\/li>\n<li>Jorge Cort\u00e9z<\/li>\n<li>Roberto Romagnoli<\/li>\n<li>Jos\u00e9 Torres<\/li>\n<li>Oscar Dequelli<\/li>\n<\/ul>\n<p><strong>\u00a0EDUCACI\u00d3N F\u00cdSICA <\/strong><\/p>\n<ul>\n<li>Marcelo Cravero<\/li>\n<li>Nicol\u00e1s Marino<\/li>\n<li>Marcelo Pierob\u00f3n<\/li>\n<li>Karina \u00c1vila<\/li>\n<li>Sebasti\u00e1n Boerr<\/li>\n<\/ul>\n<p><strong>CIENCIAS TECNOL\u00d3GICAS<\/strong><\/p>\n<ul>\n<li>Roberto Romagnoli<\/li>\n<li>Paola Sparantino<\/li>\n<li>Silvana BurgoS<\/li>\n<\/ul>\n<h2 style=\"text-align: center;\"><strong>AUXILIARES<\/strong><\/h2>\n<p><strong>BIBLIOTECA<\/strong><\/p>\n<ul>\n<li>Marcia Nelles<\/li>\n<\/ul>\n<p><strong>AUXILIAR LABORATORIO<\/strong><\/p>\n<ul>\n<li>Franco Ambrosini<\/li>\n<\/ul>\n<p><strong>CAPELL\u00c1N &#8211;<\/strong> Asesor Espiritual<\/p>\n<ul>\n<li>\u00a0Pablo Ardiles<\/li>\n<\/ul>\n","protected":false},"excerpt":{"rendered":"<p>Entendemos el aula como: Una comunidad de aprendizaje donde se construyen conocimientos significativos en un entorno de\u00a0aprendizaje cooperativo. Un espacio pensado para el\u00a0desarrollo de habilidades\u00a0comunicativas, tecnol\u00f3gicas, emocionales, \u00e9ticas y religiosas, en di\u00e1logo constante con los desaf\u00edos del mundo actual. Una clase que se ampl\u00eda gracias al uso de\u00a0nuevas tecnolog\u00edas, que enriquecen los aprendizajes y conectan [&hellip;]<\/p>\n","protected":false},"author":4,"featured_media":0,"parent":0,"menu_order":0,"comment_status":"closed","ping_status":"closed","template":"","meta":{"_acf_changed":false,"footnotes":""},"class_list":["post-13201","page","type-page","status-publish","hentry"],"acf":[],"_links":{"self":[{"href":"https:\/\/colegioinmaculada.com.ar\/portal\/wp-json\/wp\/v2\/pages\/13201","targetHints":{"allow":["GET"]}}],"collection":[{"href":"https:\/\/colegioinmaculada.com.ar\/portal\/wp-json\/wp\/v2\/pages"}],"about":[{"href":"https:\/\/colegioinmaculada.com.ar\/portal\/wp-json\/wp\/v2\/types\/page"}],"author":[{"embeddable":true,"href":"https:\/\/colegioinmaculada.com.ar\/portal\/wp-json\/wp\/v2\/users\/4"}],"replies":[{"embeddable":true,"href":"https:\/\/colegioinmaculada.com.ar\/portal\/wp-json\/wp\/v2\/comments?post=13201"}],"version-history":[{"count":11,"href":"https:\/\/colegioinmaculada.com.ar\/portal\/wp-json\/wp\/v2\/pages\/13201\/revisions"}],"predecessor-version":[{"id":43805,"href":"https:\/\/colegioinmaculada.com.ar\/portal\/wp-json\/wp\/v2\/pages\/13201\/revisions\/43805"}],"wp:attachment":[{"href":"https:\/\/colegioinmaculada.com.ar\/portal\/wp-json\/wp\/v2\/media?parent=13201"}],"curies":[{"name":"wp","href":"https:\/\/api.w.org\/{rel}","templated":true}]}}